{"id":9,"date":"2020-06-16T18:48:32","date_gmt":"2020-06-16T18:48:32","guid":{"rendered":"https:\/\/www.salosverige.se\/?page_id=9"},"modified":"2023-04-23T10:19:18","modified_gmt":"2023-04-23T10:19:18","slug":"individstod-information","status":"publish","type":"page","link":"https:\/\/www.salosverige.se\/?page_id=9","title":{"rendered":"Individst\u00f6d information"},"content":{"rendered":"<p>SALO har sedan 2004 arbetat framg\u00e5ngsrikt med att hj\u00e4lpa m\u00e4nniskor som hamnat mellan stolarna.<\/p>\n<p>Vi har arbetat i \u00e4renden som ber\u00f6rt kontakter med\u00a0bland annat myndigheter och fungerar som en bro mellan individen och olika samh\u00e4llsakt\u00f6rer.<\/p>\n<p>\u00d6kad otrygghet st\u00e4ller h\u00f6gre krav p\u00e5 samh\u00e4llets st\u00f6dfunktioner. Tendensen \u00e4r dock att dessa st\u00f6dfunktioner har f\u00f6rs\u00e4mrat m\u00f6jligheterna att f\u00e5 tillg\u00e5ng till st\u00f6det d\u00e5 kraven \u00f6kat f\u00f6r att f\u00e5 komma in i systemen. Till och med f\u00f6rs\u00f6rjningsst\u00f6d har blivit h\u00e5rdare i sina bed\u00f6mningar. Det har lett till att fler har tvingats f\u00f6rlita sig p\u00e5 familj, sl\u00e4kt och v\u00e4nner eller v\u00e4lg\u00f6renhet.<\/p>\n<p>Den kunskap och erfarenhet om den verklighet m\u00e4nniskor lever i, som SALO har, har vi anv\u00e4nt dels f\u00f6r att hj\u00e4lpa personer som hamnar mellan stolarna, dels f\u00f6r att hj\u00e4lpa myndigheter att utveckla sitt arbete f\u00f6r att minska risken att m\u00e4nniskor bollas fram och tillbaka i systemet.<\/p>\n<p>De flesta som har kommit till oss har utt\u00f6mt alla andra v\u00e4gar. Vi har hj\u00e4lpt arbetsl\u00f6sa, sjuka, personer med sjukers\u00e4ttning, studerande, flyktingar, personer som vill starta f\u00f6retag, med flera.<\/p>\n<p>Under \u00e5ren har vi arbetat upp ett gott samarbete med myndighetspersonal d\u00e5 vi indirekt hj\u00e4lper dem att klara upp kniviga \u00e4renden eftersom vi kan vara mer flexibla \u00e4n den regelstyrda byr\u00e5kratin. M\u00e5nga g\u00e5nger har handl\u00e4ggare rekommenderat klienter att ta kontakt med SALO d\u00e5 de k\u00e4nt till att vi arbetar professionellt.<\/p>\n<p>D\u00e5 vi nu har mycket begr\u00e4nsade f\u00f6ruts\u00e4ttningar att agera i individ\u00e4renden kommer vi ist\u00e4llet anv\u00e4nda alla erfarenheter vi f\u00e5tt f\u00f6r att organisera m\u00e4nniskor som vill f\u00f6r\u00e4ndra och utveckla samh\u00e4llet och skapa ett mer h\u00e5llbart samh\u00e4lle med balans mellan milj\u00f6, m\u00e4nniska och ekonomi.<\/p>\n<p>Hoppas du vill vara med p\u00e5 den resan.<\/p>\n","protected":false},"excerpt":{"rendered":"<p>SALO har sedan 2004 arbetat framg\u00e5ngsrikt med att hj\u00e4lpa m\u00e4nniskor som hamnat mellan stolarna. Vi har arbetat i \u00e4renden som ber\u00f6rt kontakter med\u00a0bland annat myndigheter och fungerar som en bro mellan individen och olika samh\u00e4llsakt\u00f6rer. \u00d6kad otrygghet st\u00e4ller h\u00f6gre krav p\u00e5 samh\u00e4llets st\u00f6dfunktioner. Tendensen \u00e4r dock att dessa st\u00f6dfunktioner har f\u00f6rs\u00e4mrat m\u00f6jligheterna att f\u00e5 tillg\u00e5ng [&hellip;]<\/p>\n","protected":false},"author":1,"featured_media":0,"parent":0,"menu_order":0,"comment_status":"closed","ping_status":"closed","template":"","meta":{"pagelayer_contact_templates":[],"_pagelayer_content":"","footnotes":""},"class_list":["post-9","page","type-page","status-publish","czr-hentry"],"_links":{"self":[{"href":"https:\/\/www.salosverige.se\/index.php?rest_route=\/wp\/v2\/pages\/9","targetHints":{"allow":["GET"]}}],"collection":[{"href":"https:\/\/www.salosverige.se\/index.php?rest_route=\/wp\/v2\/pages"}],"about":[{"href":"https:\/\/www.salosverige.se\/index.php?rest_route=\/wp\/v2\/types\/page"}],"author":[{"embeddable":true,"href":"https:\/\/www.salosverige.se\/index.php?rest_route=\/wp\/v2\/users\/1"}],"replies":[{"embeddable":true,"href":"https:\/\/www.salosverige.se\/index.php?rest_route=%2Fwp%2Fv2%2Fcomments&post=9"}],"version-history":[{"count":21,"href":"https:\/\/www.salosverige.se\/index.php?rest_route=\/wp\/v2\/pages\/9\/revisions"}],"predecessor-version":[{"id":421,"href":"https:\/\/www.salosverige.se\/index.php?rest_route=\/wp\/v2\/pages\/9\/revisions\/421"}],"wp:attachment":[{"href":"https:\/\/www.salosverige.se\/index.php?rest_route=%2Fwp%2Fv2%2Fmedia&parent=9"}],"curies":[{"name":"wp","href":"https:\/\/api.w.org\/{rel}","templated":true}]}}