{"id":446,"date":"2023-07-03T20:23:19","date_gmt":"2023-07-03T18:23:19","guid":{"rendered":"https:\/\/www.salosverige.se\/?page_id=446"},"modified":"2023-07-03T20:23:19","modified_gmt":"2023-07-03T18:23:19","slug":"miljo","status":"publish","type":"page","link":"https:\/\/www.salosverige.se\/?page_id=446","title":{"rendered":"Milj\u00f6"},"content":{"rendered":"<p>&nbsp;<\/p>\n<p>V\u00e5r milj\u00f6, tillsammans med solen, ger f\u00f6ruts\u00e4ttningarna f\u00f6r liv. I den rationaliseringshysteri som p\u00e5g\u00e5tt l\u00e4nge f\u00f6rv\u00e4xlar vi ofta milj\u00f6 med begrepp som naturen, biotop, ekosystem, \u00c4ven inom milj\u00f6r\u00f6relsen finns detta fenomen. Begreppet \u00e4r dock bredare \u00e4n s\u00e5.<\/p>\n<p>F\u00f6rutom djurens och v\u00e4xternas milj\u00f6 handlar det till exempel om boendemilj\u00f6, arbetsmilj\u00f6, uppv\u00e4xtmilj\u00f6, stadsmilj\u00f6, samh\u00e4llsmilj\u00f6, politisk milj\u00f6, allts\u00e5 alla fysiska, sociala och kulturella faktorer i de naturliga eller av m\u00e4nniskan bebodda milj\u00f6erna som existerar i dynamiken med m\u00e4nniskan.<\/p>\n<p>V\u00e5r politiska milj\u00f6 p\u00e5verkar helheten. Redan Platon resonerade om politisk milj\u00f6. Han tyckte demokratin var instabil och l\u00e4tt kunde sl\u00e5 \u00f6ver i diktatur. \u00c4ven om vi har allm\u00e4nna val kommer m\u00e4nniskor som upplever att de inte r\u00e4knas till det legitima samh\u00e4llet att uppleva den politiska milj\u00f6n som diktatur.<\/p>\n","protected":false},"excerpt":{"rendered":"<p>&nbsp; V\u00e5r milj\u00f6, tillsammans med solen, ger f\u00f6ruts\u00e4ttningarna f\u00f6r liv. I den rationaliseringshysteri som p\u00e5g\u00e5tt l\u00e4nge f\u00f6rv\u00e4xlar vi ofta milj\u00f6 med begrepp som naturen, biotop, ekosystem, \u00c4ven inom milj\u00f6r\u00f6relsen finns detta fenomen. Begreppet \u00e4r dock bredare \u00e4n s\u00e5. F\u00f6rutom djurens och v\u00e4xternas milj\u00f6 handlar det till exempel om boendemilj\u00f6, arbetsmilj\u00f6, uppv\u00e4xtmilj\u00f6, stadsmilj\u00f6, samh\u00e4llsmilj\u00f6, politisk milj\u00f6, [&hellip;]<\/p>\n","protected":false},"author":1,"featured_media":0,"parent":0,"menu_order":0,"comment_status":"closed","ping_status":"closed","template":"","meta":{"pagelayer_contact_templates":[],"_pagelayer_content":"","footnotes":""},"class_list":["post-446","page","type-page","status-publish","czr-hentry"],"_links":{"self":[{"href":"https:\/\/www.salosverige.se\/index.php?rest_route=\/wp\/v2\/pages\/446","targetHints":{"allow":["GET"]}}],"collection":[{"href":"https:\/\/www.salosverige.se\/index.php?rest_route=\/wp\/v2\/pages"}],"about":[{"href":"https:\/\/www.salosverige.se\/index.php?rest_route=\/wp\/v2\/types\/page"}],"author":[{"embeddable":true,"href":"https:\/\/www.salosverige.se\/index.php?rest_route=\/wp\/v2\/users\/1"}],"replies":[{"embeddable":true,"href":"https:\/\/www.salosverige.se\/index.php?rest_route=%2Fwp%2Fv2%2Fcomments&post=446"}],"version-history":[{"count":1,"href":"https:\/\/www.salosverige.se\/index.php?rest_route=\/wp\/v2\/pages\/446\/revisions"}],"predecessor-version":[{"id":447,"href":"https:\/\/www.salosverige.se\/index.php?rest_route=\/wp\/v2\/pages\/446\/revisions\/447"}],"wp:attachment":[{"href":"https:\/\/www.salosverige.se\/index.php?rest_route=%2Fwp%2Fv2%2Fmedia&parent=446"}],"curies":[{"name":"wp","href":"https:\/\/api.w.org\/{rel}","templated":true}]}}